{"id":36,"date":"2013-08-16T11:57:20","date_gmt":"2013-08-16T11:57:20","guid":{"rendered":"http:\/\/www.jeromejunod.ch\/wordpress\/?page_id=36"},"modified":"2026-03-09T09:36:29","modified_gmt":"2026-03-09T09:36:29","slug":"curriculum","status":"publish","type":"page","link":"http:\/\/www.jeromejunod.ch\/?page_id=36","title":{"rendered":"Curriculum (fran\u00e7ais)"},"content":{"rendered":"<p>n\u00e9 le 25 septembre 1979<\/p>\n<p>Suisse sans nationalit\u00e9 autrichienne<\/p>\n<p>Metteur en sc\u00e8ne, dramaturge, traducteur et enseignant<\/p>\n<p>2021-2025: responsable artistique et dramaturgique pour le <a href=\"https:\/\/schauspielhaus-salzburg.at\/\" target=\"_blank\" rel=\"noopener\">Schauspielhaus Salzburg<\/a><\/p>\n<p>Depuis 2025: responsable artistique et scientifique pour le festival <a href=\"https:\/\/www.wortwiege.at\/\" target=\"_blank\" rel=\"noopener\">Wortwiege<\/a><\/p>\n<p>D\u00e8s 2026: responsable de fili\u00e8re pour la formation continue &#8220;Stage Narration&#8221;, <a href=\"https:\/\/www.donau-uni.ac.at\/de\/studium\/stage-narration-erzaehlen-fuer-die-buehnen-unserer-zeit-aep.html\" target=\"_blank\" rel=\"noopener\">Universit\u00e9 du Danube, Krems<\/a><\/p>\n<p style=\"text-align: center;\"><strong><br \/>\nFORMATION<\/strong><\/p>\n<p><strong>Baccalaur\u00e9at latin-grec-math\u00e9matiques<\/strong>, Lausanne, 1998<\/p>\n<p><strong>Certificat sup\u00e9rieur de piano<\/strong>, <a title=\"Conservatoire de Lausanne\" href=\"http:\/\/www.conservatoire-lausanne.ch\/\" target=\"_blank\" rel=\"noopener noreferrer\">Conservatoire de Lausanne<\/a>, 2001<\/p>\n<p><strong>Licence \u00e8s Lettres<\/strong> (Philosophie, Histoire, Indologie), <a title=\"UNIL\" href=\"http:\/\/unil.ch\/index.html\" target=\"_blank\" rel=\"noopener noreferrer\">Universit\u00e9 de Lausanne<\/a> \/ <a title=\"Uni Wien\" href=\"http:\/\/www.univie.ac.at\/\" target=\"_blank\" rel=\"noopener noreferrer\">Universit\u00e9 de Vienne<\/a>, 2003<\/p>\n<p><strong>Magister en Mise en sc\u00e8ne<\/strong> de th\u00e9\u00e2tre, <a title=\"Max Reinhardt Seminar\" href=\"http:\/\/maxreinhardtseminar.at\/\" target=\"_blank\" rel=\"noopener noreferrer\">Max Reinhardt Seminar<\/a>, Vienne, 2009<\/p>\n<div id=\"body_layer\">\n<div id=\"id4\">\n<div>\n<div>\n<p style=\"text-align: center;\"><strong><br \/>\nPRIX<\/strong><\/p>\n<\/div>\n<\/div>\n<\/div>\n<div id=\"id5\">\n<div>\n<div>\n<p><strong>Marta-Award de la meilleure mise en sc\u00e8ne<\/strong> pour <em>Dantons Tod<\/em>, <a title=\"Setkani Festival\" href=\"http:\/\/www.encounter.cz\/en\/\" target=\"_blank\" rel=\"noopener noreferrer\">Setk\u00e1n\u00ed Festival<\/a>, Brno, 2009<\/p>\n<p><strong>Prix d&#8217;ensemble<\/strong> pour <em>Man muss dankbar sein<\/em>, <a title=\"SKS 2010\" href=\"http:\/\/www.theatertreffen.com\/preistraeger2010.html\" target=\"_blank\" rel=\"noopener noreferrer\">Festival SKS<\/a>, Leipzig, 2010<\/p>\n<p><strong>Nomination<\/strong> pour <em>Text<\/em>, Heidelberger St\u00fcckemarkt, 2011<\/p>\n<p><strong>Bourse d&#8217;\u00e9criture dramatique<\/strong> (12 mois) de la <a title=\"Literar Mechana\" href=\"http:\/\/www.literar.at\/\" target=\"_blank\" rel=\"noopener noreferrer\">Literar Mechana<\/a>, 2011-2012<\/p>\n<p><strong>Prix d&#8217;interpr\u00e9tation<\/strong> et <strong>Prix du jury des jeunes <\/strong>\u00e0 Robert Naumann pour <em>Titus<\/em>,<br \/>\n<a title=\"Bayerische Theatertage\" href=\"http:\/\/bayerische-theatertage.de\/btt_blog\/\" target=\"_blank\" rel=\"noopener noreferrer\">Bayerische Theatertage<\/a>, Augsbourg, 2012<\/p>\n<p><strong>Bourse d&#8217;\u00e9criture dramatique<\/strong> du minist\u00e8re de la culture autrichien, 2020<\/p>\n<p style=\"text-align: center;\"><strong><br \/>\nINVITATIONS<\/strong><\/p>\n<p><strong>Forum international<\/strong>, <a title=\"Theatertreffen 2011\" href=\"http:\/\/archiv2.berlinerfestspiele.de\/de\/archiv\/festivals2011\/03theatertreffen11\/tt11_forum\/tt11_forum_stipendiaten\/tt11_forum_stipendiaten.php\" target=\"_blank\" rel=\"noopener noreferrer\">Berliner Theatertreffen<\/a>, 2011<\/p>\n<p><strong>Forum des jeunes auteurs<\/strong>, Festival &#8220;Neue St\u00fccke aus Europa&#8221;, Staatstheater Wiesbaden, 2014<\/p>\n<p>Dramaturge en r\u00e9sidence, <strong>Festival Hin und Weg<\/strong>, Litschau, 2023<\/p>\n<\/div>\n<\/div>\n<\/div>\n<div id=\"id8\">\n<div>\n<div>\n<p style=\"text-align: center;\"><strong><br \/>\nENSEIGNEMENT<\/strong><\/p>\n<\/div>\n<\/div>\n<\/div>\n<div id=\"id9\">\n<div>\n<div>\n<p><strong>Jeu devant la cam\u00e9ra<\/strong>, <a title=\"Max Reinhardt Seminar\" href=\"http:\/\/maxreinhardtseminar.at\/\" target=\"_blank\" rel=\"noopener noreferrer\">Max Reinhardt Seminar<\/a> (Assistanat de M. Rosen, 2008-2010)<\/p>\n<p><strong>Th\u00e9orie et pratique de la mise en sc\u00e8ne<\/strong>, <a title=\"Max Reinhardt Seminar\" href=\"http:\/\/maxreinhardtseminar.at\/\" target=\"_blank\" rel=\"noopener noreferrer\">Max Reinhardt Seminar<\/a> (2012-2019)<\/p>\n<p><strong>Th\u00e9orie de la mise en sc\u00e8ne \/ direction d&#8217;acteurs<\/strong>, Master Th\u00e9\u00e2tre, <a href=\"http:\/\/manufacture.ch\/\" target=\"_blank\" rel=\"noopener noreferrer\">Manufacture<\/a>, Lausanne (2014-2021)<\/p>\n<p><strong>Senior Lecturer\/Metteur en sc\u00e8ne invit\u00e9<\/strong>, <a href=\"http:\/\/www.kug.ac.at\/studium-weiterbildung\/studium\/studienrichtungen\/darstellende-kunst-schauspiel.html\" target=\"_blank\" rel=\"noopener noreferrer\">Kunstuniversit\u00e4t Graz<\/a> (2015)<\/p>\n<p><strong>M\u00e9thode de jeu<\/strong>, <a href=\"https:\/\/www.schauspielhaus-salzburg.at\/schauspiel-akademie\/\" target=\"_blank\" rel=\"noopener\">Schauspielakademie<\/a>, Salzbourg (2022-2024)<\/p>\n<p><strong>Atelier sur Bertolt Brecht<\/strong>, <a href=\"https:\/\/tmsm.pt\/programacao\/10a-edicao-escola-de-verao-para-atores-guillermo-heras-2\/\" target=\"_blank\" rel=\"noopener\">Summer Academy Guillermo Heras<\/a>, Viana do Castelo (2024)<\/p>\n<p><strong>Direction d&#8217;acteurs<\/strong>, <a href=\"https:\/\/www.moz.ac.at\/de\/thomas-bernhard-institut\" target=\"_blank\" rel=\"noopener\">Mozarteum Salzburg<\/a> (depuis 2024)<\/p>\n<p style=\"text-align: center;\"><strong><br \/>\nJURY<\/strong><\/p>\n<p>Bourse annuelle d&#8217;\u00e9criture dramatique, minist\u00e8re autrichien de la culture (2025)<\/p>\n<p><strong>Festivalul DbutantT<\/strong>, Sf\u00e2ntu Gheorghe (2025)<\/p>\n<p style=\"text-align: center;\"><strong><br \/>\nCOMPAGNIES<\/strong><\/p>\n<div id=\"id7\">\n<div>\n<div>\n<p>Les D\u00e9biteurs, Gen\u00e8ve \/ Lausanne<\/p>\n<p>Gesellschaft f\u00fcr Musische Unterhaltung, Vienne<\/p>\n<p style=\"text-align: center;\"><a href=\"http:\/\/www.jeromejunod.ch\/wordpress\/wp-content\/uploads\/2022\/11\/672A0951_web.jpg\"><img loading=\"lazy\" decoding=\"async\" class=\"alignnone size-medium wp-image-2467\" src=\"http:\/\/www.jeromejunod.ch\/wordpress\/wp-content\/uploads\/2022\/11\/672A0951_web-200x300.jpg\" alt=\"\" width=\"200\" height=\"300\" srcset=\"http:\/\/www.jeromejunod.ch\/wordpress\/wp-content\/uploads\/2022\/11\/672A0951_web-200x300.jpg 200w, http:\/\/www.jeromejunod.ch\/wordpress\/wp-content\/uploads\/2022\/11\/672A0951_web-683x1024.jpg 683w, http:\/\/www.jeromejunod.ch\/wordpress\/wp-content\/uploads\/2022\/11\/672A0951_web-768x1152.jpg 768w, http:\/\/www.jeromejunod.ch\/wordpress\/wp-content\/uploads\/2022\/11\/672A0951_web.jpg 1000w\" sizes=\"auto, (max-width: 200px) 100vw, 200px\" \/><\/a><\/p>\n<\/div>\n<\/div>\n<\/div>\n<\/div>\n<\/div>\n<\/div>\n<\/div>\n","protected":false},"excerpt":{"rendered":"<p>n\u00e9 le 25 septembre 1979 Suisse sans nationalit\u00e9 autrichienne Metteur en sc\u00e8ne, dramaturge, traducteur et enseignant 2021-2025: responsable artistique et dramaturgique pour le Schauspielhaus Salzburg Depuis 2025: responsable artistique et scientifique pour le festival Wortwiege D\u00e8s 2026: responsable de fili\u00e8re pour la formation continue &#8220;Stage Narration&#8221;, Universit\u00e9 du Danube, Krems FORMATION Baccalaur\u00e9at latin-grec-math\u00e9matiques, Lausanne, 1998 [&hellip;]<\/p>\n","protected":false},"author":1,"featured_media":0,"parent":4,"menu_order":3,"comment_status":"closed","ping_status":"closed","template":"","meta":{"footnotes":""},"class_list":["post-36","page","type-page","status-publish","hentry"],"_links":{"self":[{"href":"http:\/\/www.jeromejunod.ch\/index.php?rest_route=\/wp\/v2\/pages\/36","targetHints":{"allow":["GET"]}}],"collection":[{"href":"http:\/\/www.jeromejunod.ch\/index.php?rest_route=\/wp\/v2\/pages"}],"about":[{"href":"http:\/\/www.jeromejunod.ch\/index.php?rest_route=\/wp\/v2\/types\/page"}],"author":[{"embeddable":true,"href":"http:\/\/www.jeromejunod.ch\/index.php?rest_route=\/wp\/v2\/users\/1"}],"replies":[{"embeddable":true,"href":"http:\/\/www.jeromejunod.ch\/index.php?rest_route=%2Fwp%2Fv2%2Fcomments&post=36"}],"version-history":[{"count":50,"href":"http:\/\/www.jeromejunod.ch\/index.php?rest_route=\/wp\/v2\/pages\/36\/revisions"}],"predecessor-version":[{"id":3129,"href":"http:\/\/www.jeromejunod.ch\/index.php?rest_route=\/wp\/v2\/pages\/36\/revisions\/3129"}],"up":[{"embeddable":true,"href":"http:\/\/www.jeromejunod.ch\/index.php?rest_route=\/wp\/v2\/pages\/4"}],"wp:attachment":[{"href":"http:\/\/www.jeromejunod.ch\/index.php?rest_route=%2Fwp%2Fv2%2Fmedia&parent=36"}],"curies":[{"name":"wp","href":"https:\/\/api.w.org\/{rel}","templated":true}]}}